{"id":2279,"date":"2025-12-20T10:34:09","date_gmt":"2025-12-20T10:34:09","guid":{"rendered":"https:\/\/calvo.nl\/projecten\/mallette-cv-waterproof-sur-mesure\/"},"modified":"2026-06-05T13:38:25","modified_gmt":"2026-06-05T13:38:25","slug":"mallette-cv-waterproof-sur-mesure","status":"publish","type":"projecten","link":"https:\/\/calvo.nl\/fr\/projecten\/mallette-cv-waterproof-sur-mesure\/","title":{"rendered":"Mallette CV Waterproof sur mesure"},"content":{"rendered":"\n<p class=\"wp-block-paragraph\">Pour mesurer l\u2019\u00e9paisseur de la coquille des \u0153ufs, notre client utilise deux outils de mesure. Pour le transport, il recherchait une solution de mallette. Exigence principale : les outils ne doivent pas se toucher et doivent rester bien en place, m\u00eame en cas d\u2019utilisation intensive.  <\/p>\n\n<div style=\"height:20px\" aria-hidden=\"true\" class=\"wp-block-spacer\"><\/div>\n\n<p class=\"wp-block-paragraph\">En raison de la forme longue et plate, nous avons conseill\u00e9 une CV Waterproof 2730. L\u2019hygi\u00e8ne jouait \u00e9galement un r\u00f4le majeur. C\u2019est pourquoi nous avons opt\u00e9 pour un am\u00e9nagement int\u00e9rieur en mousse rigide \u00e0 cellules ferm\u00e9es. Ce mat\u00e9riau est robuste et n\u2019absorbe pratiquement pas l\u2019humidit\u00e9.   <\/p>\n\n<div style=\"height:20px\" aria-hidden=\"true\" class=\"wp-block-spacer\"><\/div>\n\n<p class=\"wp-block-paragraph\">Nous avons r\u00e9alis\u00e9 deux parties de fond frais\u00e9es avec des \u00e9videments \u00e0 diff\u00e9rentes profondeurs. Ainsi, les deux outils ont leur propre place et restent stables. L\u2019int\u00e9rieur du couvercle est con\u00e7u de mani\u00e8re \u00e0 maintenir les outils en place sans exercer de pression sur les \u00e9l\u00e9ments de fixation. D\u00e8s que la mallette est ferm\u00e9e, les outils ne peuvent plus bouger. Le r\u00e9sultat est une mallette en plastique robuste dot\u00e9e d\u2019un int\u00e9rieur intelligent. Parfaitement adapt\u00e9e, hygi\u00e9nique et pr\u00eate pour un usage quotidien.     <\/p>\n\n<div style=\"height:20px\" aria-hidden=\"true\" class=\"wp-block-spacer\"><\/div>\n\n<p class=\"wp-block-paragraph\">Vous souhaitez \u00e9galement emballer un ensemble d\u2019outils de mani\u00e8re s\u00fbre et ajust\u00e9e ? <a href=\"https:\/\/calvo.nl\/contact\/\">Contactez-nous<\/a>, et nous concevrons un int\u00e9rieur de mallette r\u00e9ellement efficace sur le terrain.<\/p>\n","protected":false},"featured_media":2286,"template":"","class_list":["post-2279","projecten","type-projecten","status-publish","has-post-thumbnail","hentry"],"acf":[],"yoast_head":"<!-- This site is optimized with the Yoast SEO plugin v28.4 - https:\/\/yoast.com\/product\/yoast-seo-wordpress\/ -->\n<title>Mallette CV Waterproof sur mesure - Calvo International B.V.<\/title>\n<meta name=\"robots\" content=\"index, follow, max-snippet:-1, max-image-preview:large, max-video-preview:-1\" \/>\n<link rel=\"canonical\" href=\"https:\/\/calvo.nl\/fr\/projecten\/mallette-cv-waterproof-sur-mesure\/\" \/>\n<meta property=\"og:locale\" content=\"fr_FR\" \/>\n<meta property=\"og:type\" content=\"article\" \/>\n<meta property=\"og:title\" content=\"Mallette CV Waterproof sur mesure - Calvo International B.V.\" \/>\n<meta property=\"og:description\" content=\"Pour mesurer l\u2019\u00e9paisseur de la coquille des \u0153ufs, notre client utilise deux outils de mesure. Pour le transport, il recherchait une solution de mallette. Exigence principale : les outils ne doivent pas se toucher et doivent rester bien en place, m\u00eame en cas d\u2019utilisation intensive. En raison de la forme longue et plate, nous avons [&hellip;]\" \/>\n<meta property=\"og:url\" content=\"https:\/\/calvo.nl\/fr\/projecten\/mallette-cv-waterproof-sur-mesure\/\" \/>\n<meta property=\"og:site_name\" content=\"Calvo International B.V.\" \/>\n<meta property=\"article:modified_time\" content=\"2026-06-05T13:38:25+00:00\" \/>\n<meta property=\"og:image\" content=\"https:\/\/calvo.nl\/wp-content\/uploads\/2025\/12\/CV-Waterproof-koffer-op-maat-1.png\" \/>\n\t<meta property=\"og:image:width\" content=\"1454\" \/>\n\t<meta property=\"og:image:height\" content=\"1233\" \/>\n\t<meta property=\"og:image:type\" content=\"image\/png\" \/>\n<meta name=\"twitter:card\" content=\"summary_large_image\" \/>\n<meta name=\"twitter:label1\" content=\"Dur\u00e9e de lecture estim\u00e9e\" \/>\n\t<meta name=\"twitter:data1\" content=\"1 minute\" \/>\n<script type=\"application\/ld+json\" class=\"yoast-schema-graph\">{\"@context\":\"https:\\\/\\\/schema.org\",\"@graph\":[{\"@type\":\"WebPage\",\"@id\":\"https:\\\/\\\/calvo.nl\\\/fr\\\/projecten\\\/mallette-cv-waterproof-sur-mesure\\\/\",\"url\":\"https:\\\/\\\/calvo.nl\\\/fr\\\/projecten\\\/mallette-cv-waterproof-sur-mesure\\\/\",\"name\":\"Mallette CV Waterproof sur mesure - Calvo International B.V.\",\"isPartOf\":{\"@id\":\"https:\\\/\\\/calvo.nl\\\/fr\\\/#website\"},\"primaryImageOfPage\":{\"@id\":\"https:\\\/\\\/calvo.nl\\\/fr\\\/projecten\\\/mallette-cv-waterproof-sur-mesure\\\/#primaryimage\"},\"image\":{\"@id\":\"https:\\\/\\\/calvo.nl\\\/fr\\\/projecten\\\/mallette-cv-waterproof-sur-mesure\\\/#primaryimage\"},\"thumbnailUrl\":\"https:\\\/\\\/calvo.nl\\\/wp-content\\\/uploads\\\/2025\\\/12\\\/CV-Waterproof-koffer-op-maat-1.png\",\"datePublished\":\"2025-12-20T10:34:09+00:00\",\"dateModified\":\"2026-06-05T13:38:25+00:00\",\"breadcrumb\":{\"@id\":\"https:\\\/\\\/calvo.nl\\\/fr\\\/projecten\\\/mallette-cv-waterproof-sur-mesure\\\/#breadcrumb\"},\"inLanguage\":\"fr-FR\",\"potentialAction\":[{\"@type\":\"ReadAction\",\"target\":[\"https:\\\/\\\/calvo.nl\\\/fr\\\/projecten\\\/mallette-cv-waterproof-sur-mesure\\\/\"]}]},{\"@type\":\"ImageObject\",\"inLanguage\":\"fr-FR\",\"@id\":\"https:\\\/\\\/calvo.nl\\\/fr\\\/projecten\\\/mallette-cv-waterproof-sur-mesure\\\/#primaryimage\",\"url\":\"https:\\\/\\\/calvo.nl\\\/wp-content\\\/uploads\\\/2025\\\/12\\\/CV-Waterproof-koffer-op-maat-1.png\",\"contentUrl\":\"https:\\\/\\\/calvo.nl\\\/wp-content\\\/uploads\\\/2025\\\/12\\\/CV-Waterproof-koffer-op-maat-1.png\",\"width\":1454,\"height\":1233,\"caption\":\"CV Waterproof koffer op maat\"},{\"@type\":\"BreadcrumbList\",\"@id\":\"https:\\\/\\\/calvo.nl\\\/fr\\\/projecten\\\/mallette-cv-waterproof-sur-mesure\\\/#breadcrumb\",\"itemListElement\":[{\"@type\":\"ListItem\",\"position\":1,\"name\":\"Home\",\"item\":\"https:\\\/\\\/calvo.nl\\\/fr\\\/page-daccueil\\\/\"},{\"@type\":\"ListItem\",\"position\":2,\"name\":\"Mallette CV Waterproof sur mesure\"}]},{\"@type\":\"WebSite\",\"@id\":\"https:\\\/\\\/calvo.nl\\\/fr\\\/#website\",\"url\":\"https:\\\/\\\/calvo.nl\\\/fr\\\/\",\"name\":\"Calvo International B.V.\",\"description\":\"D\u00e9 specialist in maatwerk verpakkingen en transportsystemen\",\"publisher\":{\"@id\":\"https:\\\/\\\/calvo.nl\\\/fr\\\/#organization\"},\"potentialAction\":[{\"@type\":\"SearchAction\",\"target\":{\"@type\":\"EntryPoint\",\"urlTemplate\":\"https:\\\/\\\/calvo.nl\\\/fr\\\/?s={search_term_string}\"},\"query-input\":{\"@type\":\"PropertyValueSpecification\",\"valueRequired\":true,\"valueName\":\"search_term_string\"}}],\"inLanguage\":\"fr-FR\"},{\"@type\":\"Organization\",\"@id\":\"https:\\\/\\\/calvo.nl\\\/fr\\\/#organization\",\"name\":\"Calvo International B.V.\",\"url\":\"https:\\\/\\\/calvo.nl\\\/fr\\\/\",\"logo\":{\"@type\":\"ImageObject\",\"inLanguage\":\"fr-FR\",\"@id\":\"https:\\\/\\\/calvo.nl\\\/fr\\\/#\\\/schema\\\/logo\\\/image\\\/\",\"url\":\"https:\\\/\\\/calvo.nl\\\/wp-content\\\/uploads\\\/2025\\\/12\\\/cropped-Calvo-logo.png\",\"contentUrl\":\"https:\\\/\\\/calvo.nl\\\/wp-content\\\/uploads\\\/2025\\\/12\\\/cropped-Calvo-logo.png\",\"width\":160,\"height\":39,\"caption\":\"Calvo International B.V.\"},\"image\":{\"@id\":\"https:\\\/\\\/calvo.nl\\\/fr\\\/#\\\/schema\\\/logo\\\/image\\\/\"}}]}<\/script>\n<!-- \/ Yoast SEO plugin. -->","yoast_head_json":{"title":"Mallette CV Waterproof sur mesure - Calvo International B.V.","robots":{"index":"index","follow":"follow","max-snippet":"max-snippet:-1","max-image-preview":"max-image-preview:large","max-video-preview":"max-video-preview:-1"},"canonical":"https:\/\/calvo.nl\/fr\/projecten\/mallette-cv-waterproof-sur-mesure\/","og_locale":"fr_FR","og_type":"article","og_title":"Mallette CV Waterproof sur mesure - Calvo International B.V.","og_description":"Pour mesurer l\u2019\u00e9paisseur de la coquille des \u0153ufs, notre client utilise deux outils de mesure. Pour le transport, il recherchait une solution de mallette. Exigence principale : les outils ne doivent pas se toucher et doivent rester bien en place, m\u00eame en cas d\u2019utilisation intensive. En raison de la forme longue et plate, nous avons [&hellip;]","og_url":"https:\/\/calvo.nl\/fr\/projecten\/mallette-cv-waterproof-sur-mesure\/","og_site_name":"Calvo International B.V.","article_modified_time":"2026-06-05T13:38:25+00:00","og_image":[{"width":1454,"height":1233,"url":"https:\/\/calvo.nl\/wp-content\/uploads\/2025\/12\/CV-Waterproof-koffer-op-maat-1.png","type":"image\/png"}],"twitter_card":"summary_large_image","twitter_misc":{"Dur\u00e9e de lecture estim\u00e9e":"1 minute"},"schema":{"@context":"https:\/\/schema.org","@graph":[{"@type":"WebPage","@id":"https:\/\/calvo.nl\/fr\/projecten\/mallette-cv-waterproof-sur-mesure\/","url":"https:\/\/calvo.nl\/fr\/projecten\/mallette-cv-waterproof-sur-mesure\/","name":"Mallette CV Waterproof sur mesure - Calvo International B.V.","isPartOf":{"@id":"https:\/\/calvo.nl\/fr\/#website"},"primaryImageOfPage":{"@id":"https:\/\/calvo.nl\/fr\/projecten\/mallette-cv-waterproof-sur-mesure\/#primaryimage"},"image":{"@id":"https:\/\/calvo.nl\/fr\/projecten\/mallette-cv-waterproof-sur-mesure\/#primaryimage"},"thumbnailUrl":"https:\/\/calvo.nl\/wp-content\/uploads\/2025\/12\/CV-Waterproof-koffer-op-maat-1.png","datePublished":"2025-12-20T10:34:09+00:00","dateModified":"2026-06-05T13:38:25+00:00","breadcrumb":{"@id":"https:\/\/calvo.nl\/fr\/projecten\/mallette-cv-waterproof-sur-mesure\/#breadcrumb"},"inLanguage":"fr-FR","potentialAction":[{"@type":"ReadAction","target":["https:\/\/calvo.nl\/fr\/projecten\/mallette-cv-waterproof-sur-mesure\/"]}]},{"@type":"ImageObject","inLanguage":"fr-FR","@id":"https:\/\/calvo.nl\/fr\/projecten\/mallette-cv-waterproof-sur-mesure\/#primaryimage","url":"https:\/\/calvo.nl\/wp-content\/uploads\/2025\/12\/CV-Waterproof-koffer-op-maat-1.png","contentUrl":"https:\/\/calvo.nl\/wp-content\/uploads\/2025\/12\/CV-Waterproof-koffer-op-maat-1.png","width":1454,"height":1233,"caption":"CV Waterproof koffer op maat"},{"@type":"BreadcrumbList","@id":"https:\/\/calvo.nl\/fr\/projecten\/mallette-cv-waterproof-sur-mesure\/#breadcrumb","itemListElement":[{"@type":"ListItem","position":1,"name":"Home","item":"https:\/\/calvo.nl\/fr\/page-daccueil\/"},{"@type":"ListItem","position":2,"name":"Mallette CV Waterproof sur mesure"}]},{"@type":"WebSite","@id":"https:\/\/calvo.nl\/fr\/#website","url":"https:\/\/calvo.nl\/fr\/","name":"Calvo International B.V.","description":"D\u00e9 specialist in maatwerk verpakkingen en transportsystemen","publisher":{"@id":"https:\/\/calvo.nl\/fr\/#organization"},"potentialAction":[{"@type":"SearchAction","target":{"@type":"EntryPoint","urlTemplate":"https:\/\/calvo.nl\/fr\/?s={search_term_string}"},"query-input":{"@type":"PropertyValueSpecification","valueRequired":true,"valueName":"search_term_string"}}],"inLanguage":"fr-FR"},{"@type":"Organization","@id":"https:\/\/calvo.nl\/fr\/#organization","name":"Calvo International B.V.","url":"https:\/\/calvo.nl\/fr\/","logo":{"@type":"ImageObject","inLanguage":"fr-FR","@id":"https:\/\/calvo.nl\/fr\/#\/schema\/logo\/image\/","url":"https:\/\/calvo.nl\/wp-content\/uploads\/2025\/12\/cropped-Calvo-logo.png","contentUrl":"https:\/\/calvo.nl\/wp-content\/uploads\/2025\/12\/cropped-Calvo-logo.png","width":160,"height":39,"caption":"Calvo International B.V."},"image":{"@id":"https:\/\/calvo.nl\/fr\/#\/schema\/logo\/image\/"}}]}},"_links":{"self":[{"href":"https:\/\/calvo.nl\/fr\/wp-json\/wp\/v2\/projecten\/2279","targetHints":{"allow":["GET"]}}],"collection":[{"href":"https:\/\/calvo.nl\/fr\/wp-json\/wp\/v2\/projecten"}],"about":[{"href":"https:\/\/calvo.nl\/fr\/wp-json\/wp\/v2\/types\/projecten"}],"wp:featuredmedia":[{"embeddable":true,"href":"https:\/\/calvo.nl\/fr\/wp-json\/wp\/v2\/media\/2286"}],"wp:attachment":[{"href":"https:\/\/calvo.nl\/fr\/wp-json\/wp\/v2\/media?parent=2279"}],"curies":[{"name":"wp","href":"https:\/\/api.w.org\/{rel}","templated":true}]}}